{"id":1924,"date":"2017-08-29T10:32:40","date_gmt":"2017-08-29T10:32:40","guid":{"rendered":"https:\/\/estherponce.com\/?page_id=402"},"modified":"2017-08-29T10:32:40","modified_gmt":"2017-08-29T10:32:40","slug":"en-paris","status":"publish","type":"page","link":"https:\/\/estherponcemagazine.com\/en\/en-paris\/","title":{"rendered":"En Par\u00eds"},"content":{"rendered":"<p>[av_one_full first min_height=\u00bb vertical_alignment=\u00bb space=\u00bb custom_margin=\u00bb margin=&#8217;0px&#8217; padding=&#8217;0px&#8217; border=\u00bb border_color=\u00bb radius=&#8217;0px&#8217; background_color=\u00bb src=\u00bb background_position=&#8217;top left&#8217; background_repeat=&#8217;no-repeat&#8217; animation=\u00bb mobile_breaking=\u00bb mobile_display=\u00bb]<br \/>\n[av_heading heading=&#8217;En Par\u00eds&#8217; tag=&#8217;h1&#8242; style=&#8217;blockquote modern-quote modern-centered&#8217; size=\u00bb subheading_active=\u00bb subheading_size=&#8217;15&#8217; padding=&#8217;10&#8217; color=\u00bb custom_font=\u00bb av-medium-font-size-title=\u00bb av-small-font-size-title=\u00bb av-mini-font-size-title=\u00bb av-medium-font-size=\u00bb av-small-font-size=\u00bb av-mini-font-size=\u00bb admin_preview_bg=\u00bb][\/av_heading]<br \/>\n[\/av_one_full]<\/p>\n<p>[av_section min_height=\u00bb min_height_px=&#8217;500px&#8217; padding=&#8217;default&#8217; shadow=&#8217;no-border-styling&#8217; bottom_border=&#8217;no-border-styling&#8217; bottom_border_diagonal_color=&#8217;#333333&#8242; bottom_border_diagonal_direction=\u00bb bottom_border_style=\u00bb id=\u00bb color=&#8217;main_color&#8217; custom_bg=&#8217;#f2f2f2&#8242; src=\u00bb attachment=\u00bb attachment_size=\u00bb attach=&#8217;scroll&#8217; position=&#8217;top left&#8217; repeat=&#8217;no-repeat&#8217; video=\u00bb video_ratio=&#8217;16:9&#8242; overlay_opacity=&#8217;0.5&#8242; overlay_color=\u00bb overlay_pattern=\u00bb overlay_custom_pattern=\u00bb av_element_hidden_in_editor=&#8217;0&#8242;]<\/p>\n<p>[av_one_half first min_height=\u00bb vertical_alignment=\u00bb space=\u00bb custom_margin=\u00bb margin=&#8217;0px&#8217; padding=&#8217;0px&#8217; border=\u00bb border_color=\u00bb radius=&#8217;0px&#8217; background_color=\u00bb src=\u00bb background_position=&#8217;top left&#8217; background_repeat=&#8217;no-repeat&#8217; animation=\u00bb mobile_breaking=\u00bb mobile_display=\u00bb]<\/p>\n<p>[av_textblock size=\u00bb font_color=\u00bb color=\u00bb av-medium-font-size=\u00bb av-small-font-size=\u00bb av-mini-font-size=\u00bb admin_preview_bg=\u00bb]<br \/>\n<span style=\"color: #800000\">Esther Ponce<\/span> viaja por primera vez a Par\u00eds a los 18 a\u00f1os compartiendo escenario en gira por Francia como primera bailarina con grandes de la danza como Joaquin Cort\u00e9s en la compa\u00f1\u00eda del core\u00f3grafo Rafael Aguilar.<\/p>\n<p>EL Magnate Y Fotografo Parisino <strong>Monsieur Oivier Dalssau<\/strong> env\u00eda flores y felicita personalmente a la artista.<\/p>\n<p>20 a\u00f1os mas tarde <strong>Esther Ponce<\/strong> es recibida nuevamente en las oficinas de <span style=\"color: #800000\">Monsieur Dalssau<\/span> quien se interesa en colaborar con algunas de sus fotograf\u00edas elegidas por Ponce, para un proyecto sobre <span style=\"color: #800000\">Tragedia Griega<\/span>\u2026\u2026\u2026.<\/p>\n<p>Durante el 2015\/2016 reside en Paris.<\/p>\n<p>Imparte clases privadas de <span style=\"color: #800000\">Flamenco<\/span> a la directiva de varias asociaciones de Flamenco. Tambi\u00e9n imparte clases privadas a su compa\u00f1ero y colega de profesi\u00f3n <strong>Jacobo Espina<\/strong>, quien act\u00faa en el show de <span style=\"color: #800000\">Thierry Mugler<\/span> durante dos a\u00f1os consecutivos.<\/p>\n<p>Como invitada relevante en la lista del Consul General de Espa\u00f1a <span style=\"color: #800000\">D. Francisco Conde<\/span>, Madame Ponce es invitada a la Recepcion de la visita de Estado de Sus Majestades Los Reyes de Espa\u00f1a, celebrada en la Residencia del Embajador de Espa\u00f1a en Paris el 3 de Junio 2015.<\/p>\n<p><em>\u201c La verdad es que la fecha inicial de la Recepcion de Los Reyes, no fue el 3 de junio, fue el 24 de de Marzo. Esa misma ma\u00f1ana recibi un email de la Embajada: Queda anulada la visita de Sus Majestades los Reyes a Francia, tras el adcidente arero que ha tenido lugar en el dia de hoy. Unido a la revolucion que se viivia en Paris con \u00abJe sui Charlie\u201d\u2026 ya no me senti segura en Paris y decidi abandonar el trabajo realizado durante dos a\u00f1os para montar mi propia escuela de Flamenco en la Ciudad\u201d <\/em><br \/>\n[\/av_textblock]<\/p>\n<p>[\/av_one_half][av_one_half min_height=\u00bb vertical_alignment=\u00bb space=\u00bb custom_margin=\u00bb margin=&#8217;0px&#8217; padding=&#8217;0px&#8217; border=\u00bb border_color=\u00bb radius=&#8217;0px&#8217; background_color=\u00bb src=\u00bb background_position=&#8217;top left&#8217; background_repeat=&#8217;no-repeat&#8217; animation=\u00bb mobile_breaking=\u00bb mobile_display=\u00bb]<\/p>\n<p>[av_gallery ids=&#8217;452,453,454,455,456,457,458,459,460,461,515&#8242; style=&#8217;big_thumb&#8217; preview_size=&#8217;portfolio&#8217; crop_big_preview_thumbnail=&#8217;avia-gallery-big-crop-thumb&#8217; thumb_size=&#8217;portfolio&#8217; columns=&#8217;5&#8242; imagelink=&#8217;lightbox&#8217; lazyload=&#8217;avia_lazyload&#8217; admin_preview_bg=\u00bb]<\/p>\n<p>[\/av_one_half][\/av_section]<\/p>","protected":false},"excerpt":{"rendered":"<p>[av_one_full first min_height=\u00bb vertical_alignment=\u00bb space=\u00bb custom_margin=\u00bb margin=&#8217;0px&#8217; padding=&#8217;0px&#8217; border=\u00bb border_color=\u00bb radius=&#8217;0px&#8217; background_color=\u00bb src=\u00bb background_position=&#8217;top left&#8217; background_repeat=&#8217;no-repeat&#8217; animation=\u00bb mobile_breaking=\u00bb mobile_display=\u00bb] [av_heading heading=&#8217;En Par\u00eds&#8217; tag=&#8217;h1&#8242; style=&#8217;blockquote modern-quote modern-centered&#8217; size=\u00bb subheading_active=\u00bb subheading_size=&#8217;15&#8217; padding=&#8217;10&#8217; color=\u00bb custom_font=\u00bb av-medium-font-size-title=\u00bb av-small-font-size-title=\u00bb av-mini-font-size-title=\u00bb av-medium-font-size=\u00bb av-small-font-size=\u00bb av-mini-font-size=\u00bb admin_preview_bg=\u00bb][\/av_heading] [\/av_one_full] [av_section min_height=\u00bb min_height_px=&#8217;500px&#8217; padding=&#8217;default&#8217; shadow=&#8217;no-border-styling&#8217; bottom_border=&#8217;no-border-styling&#8217; bottom_border_diagonal_color=&#8217;#333333&#8242; bottom_border_diagonal_direction=\u00bb bottom_border_style=\u00bb id=\u00bb color=&#8217;main_color&#8217; custom_bg=&#8217;#f2f2f2&#8242; src=\u00bb attachment=\u00bb attachment_size=\u00bb [&hellip;]<\/p>","protected":false},"author":2,"featured_media":0,"parent":0,"menu_order":0,"comment_status":"closed","ping_status":"closed","template":"","meta":{"footnotes":""},"class_list":["post-1924","page","type-page","status-publish","hentry"],"_links":{"self":[{"href":"https:\/\/estherponcemagazine.com\/en\/wp-json\/wp\/v2\/pages\/1924","targetHints":{"allow":["GET"]}}],"collection":[{"href":"https:\/\/estherponcemagazine.com\/en\/wp-json\/wp\/v2\/pages"}],"about":[{"href":"https:\/\/estherponcemagazine.com\/en\/wp-json\/wp\/v2\/types\/page"}],"author":[{"embeddable":true,"href":"https:\/\/estherponcemagazine.com\/en\/wp-json\/wp\/v2\/users\/2"}],"replies":[{"embeddable":true,"href":"https:\/\/estherponcemagazine.com\/en\/wp-json\/wp\/v2\/comments?post=1924"}],"version-history":[{"count":0,"href":"https:\/\/estherponcemagazine.com\/en\/wp-json\/wp\/v2\/pages\/1924\/revisions"}],"wp:attachment":[{"href":"https:\/\/estherponcemagazine.com\/en\/wp-json\/wp\/v2\/media?parent=1924"}],"curies":[{"name":"wp","href":"https:\/\/api.w.org\/{rel}","templated":true}]}}